{"id":255,"date":"2024-10-29T19:55:27","date_gmt":"2024-10-29T19:55:27","guid":{"rendered":"https:\/\/redtv.taylorswift.com.br\/?page_id=255"},"modified":"2024-10-29T20:25:52","modified_gmt":"2024-10-29T20:25:52","slug":"all-too-well-the-short-film-premios","status":"publish","type":"page","link":"https:\/\/redtv.taylorswift.com.br\/index.php\/all-too-well-the-short-film-premios\/","title":{"rendered":"All Too Well: The Short Film \u2013 Pr\u00eamios"},"content":{"rendered":"\n<figure class=\"wp-block-image size-large\"><img loading=\"lazy\" decoding=\"async\" width=\"1024\" height=\"677\" src=\"https:\/\/redtv.taylorswift.com.br\/wp-content\/uploads\/2024\/10\/06-taylor-swift-2022-mtv-vmas-show-billboard-1548-1024x677.webp\" alt=\"\" class=\"wp-image-263\" srcset=\"https:\/\/redtv.taylorswift.com.br\/wp-content\/uploads\/2024\/10\/06-taylor-swift-2022-mtv-vmas-show-billboard-1548-1024x677.webp 1024w, https:\/\/redtv.taylorswift.com.br\/wp-content\/uploads\/2024\/10\/06-taylor-swift-2022-mtv-vmas-show-billboard-1548-300x198.webp 300w, https:\/\/redtv.taylorswift.com.br\/wp-content\/uploads\/2024\/10\/06-taylor-swift-2022-mtv-vmas-show-billboard-1548-768x508.webp 768w, https:\/\/redtv.taylorswift.com.br\/wp-content\/uploads\/2024\/10\/06-taylor-swift-2022-mtv-vmas-show-billboard-1548-1536x1016.webp 1536w, https:\/\/redtv.taylorswift.com.br\/wp-content\/uploads\/2024\/10\/06-taylor-swift-2022-mtv-vmas-show-billboard-1548.webp 1548w\" sizes=\"(max-width: 1024px) 100vw, 1024px\" \/><\/figure>\n\n\n\n<p class=\"has-text-align-center\">Video Music Awards 2022 \u2013 <strong>Video of the Year<\/strong> *<br>Video Music Awards 2022 \u2013 <strong>Best Longform Video<\/strong><br>Video Music Awards 2022 \u2013 <strong>Best Direction<\/strong><br>* Com essa vit\u00f3ria, Taylor Swift se tornou a artista com mais vit\u00f3rias na categoria na hist\u00f3ria da premia\u00e7\u00e3o.<\/p>\n\n\n\n<blockquote class=\"wp-block-quote is-layout-flow wp-block-quote-is-layout-flow\">\n<p>\u201cAntes, eu j\u00e1 tinha dirigido alguns dos meus clipes, mas nunca um curta-metragem. Quero come\u00e7ar agradecendo \u00e0 Sadie Sink, Dylan O\u2019Brien, minha maravilhosa diretora de fotografia Rina Yang, meu produtor Saul Germaine e o resto da nossa equipe maravilhosa, por terem confiado em mim, por terem me emprestado o seu brilho, o seu talento e o seu tempo. Colocamos todo nosso cora\u00e7\u00e3o nisso, tentando fazer algo que compensasse o amor que voc\u00eas, os f\u00e3s, t\u00eam dado para essa m\u00fasica. Muito obrigada por essa linda indica\u00e7\u00e3o de que fizemos algo certo. Amo voc\u00eas, pessoal!\u201d \u2013 <strong>Taylor Swift<\/strong> ao receber o pr\u00eamio de <strong>\u201cBest Longform Video\u201d<\/strong> no VMAs.<\/p>\n\n\n<div class=\"wp-block-image\">\n<figure class=\"aligncenter size-full is-resized\"><img loading=\"lazy\" decoding=\"async\" width=\"1080\" height=\"540\" src=\"https:\/\/redtv.taylorswift.com.br\/wp-content\/uploads\/2024\/09\/red-tv-doodle.png\" alt=\"\" class=\"wp-image-81\" style=\"width:291px;height:auto\" srcset=\"https:\/\/redtv.taylorswift.com.br\/wp-content\/uploads\/2024\/09\/red-tv-doodle.png 1080w, https:\/\/redtv.taylorswift.com.br\/wp-content\/uploads\/2024\/09\/red-tv-doodle-300x150.png 300w, https:\/\/redtv.taylorswift.com.br\/wp-content\/uploads\/2024\/09\/red-tv-doodle-1024x512.png 1024w, https:\/\/redtv.taylorswift.com.br\/wp-content\/uploads\/2024\/09\/red-tv-doodle-768x384.png 768w\" sizes=\"(max-width: 1080px) 100vw, 1080px\" \/><\/figure><\/div>\n\n\n<blockquote class=\"wp-block-quote is-layout-flow wp-block-quote-is-layout-flow\">\n<p>\u201cEstou me sentindo t\u00e3o honrada por ter sido reconhecida nessa categoria ao lado de diretores e artistas maravilhosos. E eu quero dizer que eu fico t\u00e3o animada pelo fato de que pela primeira vez na hist\u00f3ria do VMAs, quatro dos concorrentes da categoria V\u00eddeo do Ano s\u00e3o mulheres. Estamos t\u00e3o orgulhosos do que fizemos e eu sei em cada segundo desse momento que n\u00e3o ter\u00edamos feito o curta-metragem se n\u00e3o fossem voc\u00eas, os f\u00e3s. Porque eu n\u00e3o teria regravado os meus \u00e1lbuns se n\u00e3o fosse por voc\u00eas. Voc\u00eas me encorajaram a fazer isso.\u201d \u2013 Taylor Swift ao receber o pr\u00eamio de <strong>\u201cVideo of the Year\u201d <\/strong>no<strong> VMAs<\/strong>.<\/p>\n<\/blockquote>\n<\/blockquote>\n\n\n<div class=\"wp-block-image\">\n<figure class=\"aligncenter size-full is-resized\"><img loading=\"lazy\" decoding=\"async\" width=\"1080\" height=\"540\" src=\"https:\/\/redtv.taylorswift.com.br\/wp-content\/uploads\/2024\/09\/red-tv-doodle.png\" alt=\"\" class=\"wp-image-81\" style=\"width:291px;height:auto\" srcset=\"https:\/\/redtv.taylorswift.com.br\/wp-content\/uploads\/2024\/09\/red-tv-doodle.png 1080w, https:\/\/redtv.taylorswift.com.br\/wp-content\/uploads\/2024\/09\/red-tv-doodle-300x150.png 300w, https:\/\/redtv.taylorswift.com.br\/wp-content\/uploads\/2024\/09\/red-tv-doodle-1024x512.png 1024w, https:\/\/redtv.taylorswift.com.br\/wp-content\/uploads\/2024\/09\/red-tv-doodle-768x384.png 768w\" sizes=\"(max-width: 1080px) 100vw, 1080px\" \/><\/figure><\/div>\n\n\n<figure class=\"wp-block-image size-large\"><img loading=\"lazy\" decoding=\"async\" width=\"1024\" height=\"682\" src=\"https:\/\/redtv.taylorswift.com.br\/wp-content\/uploads\/2024\/10\/TaylorSwift-GettyImages-1463461026-1024x682.jpeg\" alt=\"\" class=\"wp-image-269\" srcset=\"https:\/\/redtv.taylorswift.com.br\/wp-content\/uploads\/2024\/10\/TaylorSwift-GettyImages-1463461026-1024x682.jpeg 1024w, https:\/\/redtv.taylorswift.com.br\/wp-content\/uploads\/2024\/10\/TaylorSwift-GettyImages-1463461026-300x200.jpeg 300w, https:\/\/redtv.taylorswift.com.br\/wp-content\/uploads\/2024\/10\/TaylorSwift-GettyImages-1463461026-768x512.jpeg 768w, https:\/\/redtv.taylorswift.com.br\/wp-content\/uploads\/2024\/10\/TaylorSwift-GettyImages-1463461026.jpeg 1280w\" sizes=\"(max-width: 1024px) 100vw, 1024px\" \/><\/figure>\n\n\n\n<p class=\"has-text-align-center\">Grammy Awards \u2013 <strong>Best Music Video<\/strong><\/p>\n\n\n\n<p>\u201cN\u00e3o consigo colocar em palavras o que isso significa para mim, o que a significa a academia e meus colegas me reconhecerem como diretora e, ao faz\u00ea-lo, reconhecerem meu trabalho para tentar recuperar minha m\u00fasica. Estou maravilhada. Obrigada a todos os f\u00e3s que desejaram que isso acontecesse.\u201d \u2013 <strong>Taylor Swift<\/strong> sobre sua vit\u00f3ria na categoria <strong>\u201cMelhor Videoclipe<\/strong>\u201d no <strong>Grammys<\/strong>.<\/p>\n\n\n\n<blockquote class=\"wp-block-quote is-layout-flow wp-block-quote-is-layout-flow\"><div class=\"wp-block-image\">\n<figure class=\"aligncenter size-full is-resized\"><img loading=\"lazy\" decoding=\"async\" width=\"1080\" height=\"540\" src=\"https:\/\/redtv.taylorswift.com.br\/wp-content\/uploads\/2024\/09\/red-tv-doodle.png\" alt=\"\" class=\"wp-image-81\" style=\"width:291px;height:auto\" srcset=\"https:\/\/redtv.taylorswift.com.br\/wp-content\/uploads\/2024\/09\/red-tv-doodle.png 1080w, https:\/\/redtv.taylorswift.com.br\/wp-content\/uploads\/2024\/09\/red-tv-doodle-300x150.png 300w, https:\/\/redtv.taylorswift.com.br\/wp-content\/uploads\/2024\/09\/red-tv-doodle-1024x512.png 1024w, https:\/\/redtv.taylorswift.com.br\/wp-content\/uploads\/2024\/09\/red-tv-doodle-768x384.png 768w\" sizes=\"(max-width: 1080px) 100vw, 1080px\" \/><\/figure><\/div>\n\n<div class=\"wp-block-image\">\n<figure class=\"aligncenter size-full\"><img loading=\"lazy\" decoding=\"async\" width=\"700\" height=\"525\" src=\"https:\/\/redtv.taylorswift.com.br\/wp-content\/uploads\/2024\/10\/618f04d58e9bfa001986cf24.webp\" alt=\"\" class=\"wp-image-281\" srcset=\"https:\/\/redtv.taylorswift.com.br\/wp-content\/uploads\/2024\/10\/618f04d58e9bfa001986cf24.webp 700w, https:\/\/redtv.taylorswift.com.br\/wp-content\/uploads\/2024\/10\/618f04d58e9bfa001986cf24-300x225.webp 300w\" sizes=\"(max-width: 700px) 100vw, 700px\" \/><\/figure><\/div>\n\n\n<p class=\"has-text-align-center\">Gold Derby Awards \u2013 <strong>Best Music Video<\/strong><\/p>\n\n\n<div class=\"wp-block-image\">\n<figure class=\"aligncenter size-full is-resized\"><img loading=\"lazy\" decoding=\"async\" width=\"1080\" height=\"540\" src=\"https:\/\/redtv.taylorswift.com.br\/wp-content\/uploads\/2024\/09\/red-tv-doodle.png\" alt=\"\" class=\"wp-image-81\" style=\"width:291px;height:auto\" srcset=\"https:\/\/redtv.taylorswift.com.br\/wp-content\/uploads\/2024\/09\/red-tv-doodle.png 1080w, https:\/\/redtv.taylorswift.com.br\/wp-content\/uploads\/2024\/09\/red-tv-doodle-300x150.png 300w, https:\/\/redtv.taylorswift.com.br\/wp-content\/uploads\/2024\/09\/red-tv-doodle-1024x512.png 1024w, https:\/\/redtv.taylorswift.com.br\/wp-content\/uploads\/2024\/09\/red-tv-doodle-768x384.png 768w\" sizes=\"(max-width: 1080px) 100vw, 1080px\" \/><\/figure><\/div>\n\n<div class=\"wp-block-image\">\n<figure class=\"aligncenter size-large\"><img loading=\"lazy\" decoding=\"async\" width=\"1024\" height=\"745\" src=\"https:\/\/redtv.taylorswift.com.br\/wp-content\/uploads\/2024\/10\/sadie-cookies-1636764824-1024x745.jpg\" alt=\"\" class=\"wp-image-283\" srcset=\"https:\/\/redtv.taylorswift.com.br\/wp-content\/uploads\/2024\/10\/sadie-cookies-1636764824-1024x745.jpg 1024w, https:\/\/redtv.taylorswift.com.br\/wp-content\/uploads\/2024\/10\/sadie-cookies-1636764824-300x218.jpg 300w, https:\/\/redtv.taylorswift.com.br\/wp-content\/uploads\/2024\/10\/sadie-cookies-1636764824-768x559.jpg 768w, https:\/\/redtv.taylorswift.com.br\/wp-content\/uploads\/2024\/10\/sadie-cookies-1636764824-1536x1117.jpg 1536w, https:\/\/redtv.taylorswift.com.br\/wp-content\/uploads\/2024\/10\/sadie-cookies-1636764824-2048x1490.jpg 2048w\" sizes=\"(max-width: 1024px) 100vw, 1024px\" \/><\/figure><\/div>\n\n\n<p class=\"has-text-align-center\">MTV Europe Music Awards \u2013 <strong>Best Video<\/strong><\/p>\n\n\n<div class=\"wp-block-image\">\n<figure class=\"aligncenter size-full is-resized\"><img loading=\"lazy\" decoding=\"async\" width=\"1080\" height=\"540\" src=\"https:\/\/redtv.taylorswift.com.br\/wp-content\/uploads\/2024\/09\/red-tv-doodle.png\" alt=\"\" class=\"wp-image-81\" style=\"width:291px;height:auto\" srcset=\"https:\/\/redtv.taylorswift.com.br\/wp-content\/uploads\/2024\/09\/red-tv-doodle.png 1080w, https:\/\/redtv.taylorswift.com.br\/wp-content\/uploads\/2024\/09\/red-tv-doodle-300x150.png 300w, https:\/\/redtv.taylorswift.com.br\/wp-content\/uploads\/2024\/09\/red-tv-doodle-1024x512.png 1024w, https:\/\/redtv.taylorswift.com.br\/wp-content\/uploads\/2024\/09\/red-tv-doodle-768x384.png 768w\" sizes=\"(max-width: 1080px) 100vw, 1080px\" \/><\/figure><\/div>\n\n\n<figure class=\"wp-block-image size-large\"><img loading=\"lazy\" decoding=\"async\" width=\"1024\" height=\"587\" src=\"https:\/\/redtv.taylorswift.com.br\/wp-content\/uploads\/2024\/10\/Taylor-Swift-All-Too-Well-1024x587.jpg\" alt=\"\" class=\"wp-image-285\" srcset=\"https:\/\/redtv.taylorswift.com.br\/wp-content\/uploads\/2024\/10\/Taylor-Swift-All-Too-Well-1024x587.jpg 1024w, https:\/\/redtv.taylorswift.com.br\/wp-content\/uploads\/2024\/10\/Taylor-Swift-All-Too-Well-300x172.jpg 300w, https:\/\/redtv.taylorswift.com.br\/wp-content\/uploads\/2024\/10\/Taylor-Swift-All-Too-Well-768x440.jpg 768w, https:\/\/redtv.taylorswift.com.br\/wp-content\/uploads\/2024\/10\/Taylor-Swift-All-Too-Well.jpg 1500w\" sizes=\"(max-width: 1024px) 100vw, 1024px\" \/><\/figure>\n\n\n\n<p class=\"has-text-align-center\">American Music Awards \u2013 <strong>Favorite Music Video<\/strong><\/p>\n\n\n<div class=\"wp-block-image\">\n<figure class=\"aligncenter size-full is-resized\"><img loading=\"lazy\" decoding=\"async\" width=\"1080\" height=\"540\" src=\"https:\/\/redtv.taylorswift.com.br\/wp-content\/uploads\/2024\/09\/red-tv-doodle.png\" alt=\"\" class=\"wp-image-81\" style=\"width:291px;height:auto\" srcset=\"https:\/\/redtv.taylorswift.com.br\/wp-content\/uploads\/2024\/09\/red-tv-doodle.png 1080w, https:\/\/redtv.taylorswift.com.br\/wp-content\/uploads\/2024\/09\/red-tv-doodle-300x150.png 300w, https:\/\/redtv.taylorswift.com.br\/wp-content\/uploads\/2024\/09\/red-tv-doodle-1024x512.png 1024w, https:\/\/redtv.taylorswift.com.br\/wp-content\/uploads\/2024\/09\/red-tv-doodle-768x384.png 768w\" sizes=\"(max-width: 1080px) 100vw, 1080px\" \/><\/figure><\/div>\n\n<div class=\"wp-block-image\">\n<figure class=\"aligncenter size-large is-resized\"><img loading=\"lazy\" decoding=\"async\" width=\"1024\" height=\"806\" src=\"https:\/\/redtv.taylorswift.com.br\/wp-content\/uploads\/2024\/10\/MV5BODFjZGU2YWItYzJmNS00MjYzLTliOWMtZTQwOWIwMjJmNzQxXkEyXkFqcGc@._V1_-1024x806.jpg\" alt=\"\" class=\"wp-image-286\" style=\"width:841px;height:auto\" srcset=\"https:\/\/redtv.taylorswift.com.br\/wp-content\/uploads\/2024\/10\/MV5BODFjZGU2YWItYzJmNS00MjYzLTliOWMtZTQwOWIwMjJmNzQxXkEyXkFqcGc@._V1_-1024x806.jpg 1024w, https:\/\/redtv.taylorswift.com.br\/wp-content\/uploads\/2024\/10\/MV5BODFjZGU2YWItYzJmNS00MjYzLTliOWMtZTQwOWIwMjJmNzQxXkEyXkFqcGc@._V1_-300x236.jpg 300w, https:\/\/redtv.taylorswift.com.br\/wp-content\/uploads\/2024\/10\/MV5BODFjZGU2YWItYzJmNS00MjYzLTliOWMtZTQwOWIwMjJmNzQxXkEyXkFqcGc@._V1_-768x604.jpg 768w, https:\/\/redtv.taylorswift.com.br\/wp-content\/uploads\/2024\/10\/MV5BODFjZGU2YWItYzJmNS00MjYzLTliOWMtZTQwOWIwMjJmNzQxXkEyXkFqcGc@._V1_.jpg 1487w\" sizes=\"(max-width: 1024px) 100vw, 1024px\" \/><\/figure><\/div>\n\n\n<p class=\"has-text-align-center\">Hollywood Critics Association \u2013 <strong>Best Short Film<\/strong><\/p>\n\n\n<div class=\"wp-block-image\">\n<figure class=\"aligncenter size-full is-resized\"><img loading=\"lazy\" decoding=\"async\" width=\"1080\" height=\"540\" src=\"https:\/\/redtv.taylorswift.com.br\/wp-content\/uploads\/2024\/09\/red-tv-doodle.png\" alt=\"\" class=\"wp-image-81\" style=\"width:291px;height:auto\" srcset=\"https:\/\/redtv.taylorswift.com.br\/wp-content\/uploads\/2024\/09\/red-tv-doodle.png 1080w, https:\/\/redtv.taylorswift.com.br\/wp-content\/uploads\/2024\/09\/red-tv-doodle-300x150.png 300w, https:\/\/redtv.taylorswift.com.br\/wp-content\/uploads\/2024\/09\/red-tv-doodle-1024x512.png 1024w, https:\/\/redtv.taylorswift.com.br\/wp-content\/uploads\/2024\/09\/red-tv-doodle-768x384.png 768w\" sizes=\"(max-width: 1080px) 100vw, 1080px\" \/><\/figure><\/div>\n\n\n<p class=\"has-text-align-center\"><\/p>\n<\/blockquote>\n","protected":false},"excerpt":{"rendered":"<p>Video Music Awards 2022 \u2013 Video of the Year *Video Music Awards 2022 \u2013 Best Longform VideoVideo Music Awards 2022 \u2013 Best Direction* Com essa vit\u00f3ria, Taylor Swift se tornou a artista com mais vit\u00f3rias na categoria na hist\u00f3ria da premia\u00e7\u00e3o. Grammy Awards \u2013 Best Music Video \u201cN\u00e3o consigo colocar em palavras o que isso [&hellip;]<\/p>\n","protected":false},"author":1,"featured_media":256,"parent":0,"menu_order":0,"comment_status":"closed","ping_status":"closed","template":"","meta":{"footnotes":""},"class_list":["post-255","page","type-page","status-publish","has-post-thumbnail","hentry"],"_links":{"self":[{"href":"https:\/\/redtv.taylorswift.com.br\/index.php\/wp-json\/wp\/v2\/pages\/255"}],"collection":[{"href":"https:\/\/redtv.taylorswift.com.br\/index.php\/wp-json\/wp\/v2\/pages"}],"about":[{"href":"https:\/\/redtv.taylorswift.com.br\/index.php\/wp-json\/wp\/v2\/types\/page"}],"author":[{"embeddable":true,"href":"https:\/\/redtv.taylorswift.com.br\/index.php\/wp-json\/wp\/v2\/users\/1"}],"replies":[{"embeddable":true,"href":"https:\/\/redtv.taylorswift.com.br\/index.php\/wp-json\/wp\/v2\/comments?post=255"}],"version-history":[{"count":12,"href":"https:\/\/redtv.taylorswift.com.br\/index.php\/wp-json\/wp\/v2\/pages\/255\/revisions"}],"predecessor-version":[{"id":289,"href":"https:\/\/redtv.taylorswift.com.br\/index.php\/wp-json\/wp\/v2\/pages\/255\/revisions\/289"}],"wp:featuredmedia":[{"embeddable":true,"href":"https:\/\/redtv.taylorswift.com.br\/index.php\/wp-json\/wp\/v2\/media\/256"}],"wp:attachment":[{"href":"https:\/\/redtv.taylorswift.com.br\/index.php\/wp-json\/wp\/v2\/media?parent=255"}],"curies":[{"name":"wp","href":"https:\/\/api.w.org\/{rel}","templated":true}]}}